{"id":202253,"date":"2018-11-15T13:33:16","date_gmt":"2018-11-15T12:33:16","guid":{"rendered":"https:\/\/www.kimuceramica.com\/?page_id=202253"},"modified":"2019-10-09T10:18:55","modified_gmt":"2019-10-09T08:18:55","slug":"politica-de-privacitat","status":"publish","type":"page","link":"https:\/\/www.kimuceramica.com\/ca\/politica-de-privacitat\/","title":{"rendered":"Pol\u00edtica de privacitat"},"content":{"rendered":"<h2>POL\u00cdTICA DE PRIVACITAT i XARXES SOCIALS<\/h2>\n<p>De conformitat amb el que estableix la normativa vigent i aplicable en Protecci\u00f3 de Dades de Car\u00e0cter Personal i la Llei 34\/2002, de 11 de juliol, de Serveis de la Societat de la Informaci\u00f3 i de Comer\u00e7 Electr\u00f2nic (LSSI-CE), ANA MARIA ALBA FORT informa els usuaris, que ha procedit a crear un perfil a la\/es Xarxa\/es Social\/s Facebook, Instagram, Linkedin, amb la finalitat principal de publicitar els seus productes i serveis.<\/p>\n<p>Dades d&#8217;ANA MARIA ALBA FORT:<\/p>\n<ul>\n<li>CIF: 46323426T<\/li>\n<li>DIRECCI\u00d3: Av. de la Xiruca 18. 17853 TORTELL\u00c0 (GIRONA)<\/li>\n<li>CORREU ELECTR\u00d2NIC: info@kimuceramica.com<\/li>\n<li>DOMINI WEB: <a href=\"https:\/\/www.kimuceramica.com\/\">www.kimuceramica.com<\/a><\/li>\n<\/ul>\n<p>L&#8217;usuari disposa d&#8217;un perfil a la mateixa Xarxa Social i ha decidit unir-se a la p\u00e0gina creada per ANA MARIA ALBA FORT, mostrant aix\u00ed inter\u00e8s en la informaci\u00f3 que es publiciti a la Xarxa. En unir-se a la nostra p\u00e0gina, ens facilita el seu consentiment per al tractament d&#8217;aquelles dades personals publicades en el seu perfil.<\/p>\n<p>L&#8217;usuari pot accedir en tot moment a les pol\u00edtiques de privacitat de la pr\u00f2pia Xarxa Social, aix\u00ed com configurar el seu perfil per garantir la seva privacitat.<\/p>\n<p>ANA MARIA ALBA FORT t\u00e9 acc\u00e9s i tracta la informaci\u00f3 p\u00fablica de l&#8217;usuari, especialment el seu nom de contacte. Aquestes dades, nom\u00e9s s\u00f3n utilitzades dins de la pr\u00f2pia Xarxa Social. No s\u00f3n incorporades a cap fitxer.<\/p>\n<p>En relaci\u00f3 als drets d&#8217;acc\u00e9s, rectificaci\u00f3, limitaci\u00f3 de tractament, supressi\u00f3, portabilitat i oposici\u00f3, dels quals vost\u00e8 disposa i que poden ser exercits davant ANA MARIA ALBA FORT, d&#8217;acord amb la RGPD, ha de tenir en compte els seg\u00fcents matisos:<\/p>\n<ul>\n<li>Acc\u00e9s: Vindr\u00e0 definit per la funcionalitat de la Xarxa Social i la capacitat d&#8217;acc\u00e9s a la informaci\u00f3 dels perfils dels usuaris.<\/li>\n<li>Rectificaci\u00f3: nom\u00e9s es podr\u00e0 satisfer en relaci\u00f3 a la informaci\u00f3 que es trobi sota el control d&#8217;ANA MARIA ALBA FORT, per exemple, eliminar comentaris publicats a la pr\u00f2pia p\u00e0gina. Normalment, aquest dret ha d\u2019exercir-lo davant la Xarxa Social.<\/li>\n<li>Cancel\u00b7laci\u00f3 i\/o Oposici\u00f3: Com en el cas anterior, nom\u00e9s podr\u00e0 satisfer-se en relaci\u00f3 a la informaci\u00f3 que es trobi sota el control d&#8217;ANA MARIA ALBA FORT, per exemple, deixar d&#8217;estar unit al perfil.<\/li>\n<\/ul>\n<p>ANA MARIA ALBA FORT realitzar\u00e0 les seg\u00fcents actuacions:<\/p>\n<ul>\n<li>Acc\u00e9s a la informaci\u00f3 p\u00fablica del perfil.<\/li>\n<li>Publicaci\u00f3 al perfil de l&#8217;usuari de tota aquella informaci\u00f3 ja publicada a la p\u00e0gina d\u2019 ANA MARIA ALBA FORT.<\/li>\n<li>Enviar missatges personals i individuals a trav\u00e9s dels canals de la Xarxa Social.<\/li>\n<li>Actualitzacions de l&#8217;estat de la p\u00e0gina que es publicaran al perfil de l&#8217;usuari.<\/li>\n<\/ul>\n<p>&nbsp;<\/p>\n<p>L&#8217;usuari sempre pot controlar les seves connexions, eliminar els continguts que deixin d&#8217;interessar i restringir amb qui comparteix les seves connexions, per a aix\u00f2 haur\u00e0 d&#8217;accedir a la seva configuraci\u00f3 de privacitat.<\/p>\n<h2>Publicacions<\/h2>\n<p>L&#8217;usuari, un cop unit a la p\u00e0gina d&#8217;ANA MARIA ALBA FORT, podr\u00e0 publicar en aquesta \u00faltima comentaris, enlla\u00e7os, imatges o fotografies o qualsevol altre tipus de contingut multim\u00e8dia suportat per la Xarxa Social. L&#8217;usuari, en tots els casos, ha de ser el titular dels mateixos, gaudir dels drets d&#8217;autor i de propietat intel\u00b7lectual o comptar amb el consentiment dels tercers afectats. Es prohibeix expressament qualsevol publicaci\u00f3 en la p\u00e0gina, ja siguin textos, gr\u00e0fics, fotografies, v\u00eddeos, etc. que atemptin o siguin susceptibles d&#8217;atemptar contra la moral, l&#8217;\u00e8tica, el bon gust o el dec\u00f2rum, i\/o que violin o infringeixin els drets de propietat intel\u00b7lectual o industrial, el dret a la imatge o la Llei. En aquests casos, ANA MARIA ALBA FORT es reserva el dret a retirar immediatament el contingut, podent sol\u00b7licitar el bloqueig permanent de l&#8217;usuari.<\/p>\n<p>ANA MARIA ALBA FORT no es far\u00e0 responsable dels continguts que lliurement ha publicat un usuari.<\/p>\n<p>L&#8217;usuari ha de tenir present que les seves publicacions seran conegudes pels altres usuaris, de manera que ell mateix \u00e9s el principal responsable de la seva privacitat.<\/p>\n<p>Les imatges que es puguin publicar a la p\u00e0gina no seran emmagatzemades a cap fitxer per part d\u2019 ANA MARIA ALBA FORT, per\u00f2 s\u00ed que romandran a la Xarxa Social.<\/p>\n<h2>Concursos i promocions<\/h2>\n<p>ANA MARIA ALBA FORT es reserva el dret a realitzar concursos i promocions, en els quals podr\u00e0 participar l&#8217;usuari unit a la seva p\u00e0gina. Les bases de cada un d&#8217;ells, quan s&#8217;utilitzi per a aix\u00f2 la plataforma de la Xarxa Social, seran publicades a la mateixa. Complint sempre amb la LSSI-CE i amb qualsevol altra norma que li sigui d&#8217;aplicaci\u00f3.<\/p>\n<p>La Xarxa Social no patrocina, avala ni administra, de cap manera, cap de les nostres promocions, ni est\u00e0 associada a cap d&#8217;elles.<\/p>\n<h2>Publicitat<\/h2>\n<p>ANA MARIA ALBA FORT utilitzar\u00e0 la Xarxa Social per publicitar els seus productes i serveis, en tot cas, si decideix tractar les seves dades de contacte per a realitzar accions directes de prospecci\u00f3 comercial, ser\u00e0 sempre, complint amb les exig\u00e8ncies legals de la RGPD i de la LSSI- CE.<\/p>\n<p>No es considera publicitat el fet de recomanar a altres usuaris la p\u00e0gina d&#8217;ANA MARIA ALBA FORT perqu\u00e8 tamb\u00e9 ells puguin gaudir de les promocions o estar informats de la seva activitat. A continuaci\u00f3 detallem l&#8217;enlla\u00e7 a la pol\u00edtica de privacitat de la Xarxa Social:<\/p>\n<ul>\n<li>Facebook: <a href=\"https:\/\/www.facebook.com\/help\/323540651073243\/\">https:\/\/www.facebook.com\/help\/323540651073243\/ <\/a><\/li>\n<li>Instagram: <a href=\"http:\/\/instagram.com\/about\/legal\/privacy\/\">http:\/\/instagram.com\/about\/legal\/privacy\/ <\/a><\/li>\n<\/ul>\n","protected":false},"excerpt":{"rendered":"<p>POL\u00cdTICA DE PRIVACITAT i XARXES SOCIALS De conformitat amb el que estableix la normativa vigent i aplicable en Protecci\u00f3 de Dades de Car\u00e0cter Personal i la Llei 34\/2002, de 11 de juliol, de Serveis de la Societat de la Informaci\u00f3 i de Comer\u00e7 Electr\u00f2nic (LSSI-CE),&#8230;<\/p>\n","protected":false},"author":1,"featured_media":0,"parent":0,"menu_order":0,"comment_status":"closed","ping_status":"closed","template":"","meta":{"footnotes":""},"class_list":["post-202253","page","type-page","status-publish","hentry"],"yoast_head":"<!-- This site is optimized with the Yoast SEO plugin v27.1.1 - https:\/\/yoast.com\/product\/yoast-seo-wordpress\/ -->\n<title>Pol\u00edtica de privacitat | Kimu CER\u00c1MICA ORIGINAL<\/title>\n<meta name=\"robots\" content=\"index, follow, max-snippet:-1, max-image-preview:large, max-video-preview:-1\" \/>\n<link rel=\"canonical\" href=\"https:\/\/www.kimuceramica.com\/ca\/politica-de-privacitat\/\" \/>\n<meta property=\"og:locale\" content=\"ca_ES\" \/>\n<meta property=\"og:type\" content=\"article\" \/>\n<meta property=\"og:title\" content=\"Pol\u00edtica de privacitat | Kimu CER\u00c1MICA ORIGINAL\" \/>\n<meta property=\"og:description\" content=\"POL\u00cdTICA DE PRIVACITAT i XARXES SOCIALS De conformitat amb el que estableix la normativa vigent i aplicable en Protecci\u00f3 de Dades de Car\u00e0cter Personal i la Llei 34\/2002, de 11 de juliol, de Serveis de la Societat de la Informaci\u00f3 i de Comer\u00e7 Electr\u00f2nic (LSSI-CE),...\" \/>\n<meta property=\"og:url\" content=\"https:\/\/www.kimuceramica.com\/ca\/politica-de-privacitat\/\" \/>\n<meta property=\"og:site_name\" content=\"Kimu CER\u00c1MICA ORIGINAL\" \/>\n<meta property=\"article:publisher\" content=\"https:\/\/www.facebook.com\/Kimu-ceramica-160734807402814\/\" \/>\n<meta property=\"article:modified_time\" content=\"2019-10-09T08:18:55+00:00\" \/>\n<meta name=\"twitter:card\" content=\"summary_large_image\" \/>\n<meta name=\"twitter:label1\" content=\"Temps estimat de lectura\" \/>\n\t<meta name=\"twitter:data1\" content=\"4 minuts\" \/>\n<script type=\"application\/ld+json\" class=\"yoast-schema-graph\">{\"@context\":\"https:\/\/schema.org\",\"@graph\":[{\"@type\":\"WebPage\",\"@id\":\"https:\/\/www.kimuceramica.com\/ca\/politica-de-privacitat\/\",\"url\":\"https:\/\/www.kimuceramica.com\/ca\/politica-de-privacitat\/\",\"name\":\"Pol\u00edtica de privacitat | Kimu CER\u00c1MICA ORIGINAL\",\"isPartOf\":{\"@id\":\"https:\/\/www.kimuceramica.com\/ca\/#website\"},\"datePublished\":\"2018-11-15T12:33:16+00:00\",\"dateModified\":\"2019-10-09T08:18:55+00:00\",\"breadcrumb\":{\"@id\":\"https:\/\/www.kimuceramica.com\/ca\/politica-de-privacitat\/#breadcrumb\"},\"inLanguage\":\"ca\",\"potentialAction\":[{\"@type\":\"ReadAction\",\"target\":[\"https:\/\/www.kimuceramica.com\/ca\/politica-de-privacitat\/\"]}]},{\"@type\":\"BreadcrumbList\",\"@id\":\"https:\/\/www.kimuceramica.com\/ca\/politica-de-privacitat\/#breadcrumb\",\"itemListElement\":[{\"@type\":\"ListItem\",\"position\":1,\"name\":\"Portada\",\"item\":\"https:\/\/www.kimuceramica.com\/ca\/\"},{\"@type\":\"ListItem\",\"position\":2,\"name\":\"Pol\u00edtica de privacitat\"}]},{\"@type\":\"WebSite\",\"@id\":\"https:\/\/www.kimuceramica.com\/ca\/#website\",\"url\":\"https:\/\/www.kimuceramica.com\/ca\/\",\"name\":\"Kimu CER\u00c1MICA ORIGINAL\",\"description\":\"Creaci\u00f3n y venta de piezas de bisuter\u00eda de peque\u00f1o tama\u00f1o y gran carga simb\u00f3lica hecha a mano, principalmente de cer\u00e1mica original: colgantes, pendientes, anillos, gemelos\",\"publisher\":{\"@id\":\"https:\/\/www.kimuceramica.com\/ca\/#organization\"},\"potentialAction\":[{\"@type\":\"SearchAction\",\"target\":{\"@type\":\"EntryPoint\",\"urlTemplate\":\"https:\/\/www.kimuceramica.com\/ca\/?s={search_term_string}\"},\"query-input\":{\"@type\":\"PropertyValueSpecification\",\"valueRequired\":true,\"valueName\":\"search_term_string\"}}],\"inLanguage\":\"ca\"},{\"@type\":\"Organization\",\"@id\":\"https:\/\/www.kimuceramica.com\/ca\/#organization\",\"name\":\"Kimu cer\u00e1mica\",\"url\":\"https:\/\/www.kimuceramica.com\/ca\/\",\"logo\":{\"@type\":\"ImageObject\",\"inLanguage\":\"ca\",\"@id\":\"https:\/\/www.kimuceramica.com\/ca\/#\/schema\/logo\/image\/\",\"url\":\"https:\/\/www.kimuceramica.com\/wp-content\/uploads\/2019\/07\/Kimu-logo-web.png\",\"contentUrl\":\"https:\/\/www.kimuceramica.com\/wp-content\/uploads\/2019\/07\/Kimu-logo-web.png\",\"width\":150,\"height\":72,\"caption\":\"Kimu cer\u00e1mica\"},\"image\":{\"@id\":\"https:\/\/www.kimuceramica.com\/ca\/#\/schema\/logo\/image\/\"},\"sameAs\":[\"https:\/\/www.facebook.com\/Kimu-ceramica-160734807402814\/\"]}]}<\/script>\n<!-- \/ Yoast SEO plugin. -->","yoast_head_json":{"title":"Pol\u00edtica de privacitat | Kimu CER\u00c1MICA ORIGINAL","robots":{"index":"index","follow":"follow","max-snippet":"max-snippet:-1","max-image-preview":"max-image-preview:large","max-video-preview":"max-video-preview:-1"},"canonical":"https:\/\/www.kimuceramica.com\/ca\/politica-de-privacitat\/","og_locale":"ca_ES","og_type":"article","og_title":"Pol\u00edtica de privacitat | Kimu CER\u00c1MICA ORIGINAL","og_description":"POL\u00cdTICA DE PRIVACITAT i XARXES SOCIALS De conformitat amb el que estableix la normativa vigent i aplicable en Protecci\u00f3 de Dades de Car\u00e0cter Personal i la Llei 34\/2002, de 11 de juliol, de Serveis de la Societat de la Informaci\u00f3 i de Comer\u00e7 Electr\u00f2nic (LSSI-CE),...","og_url":"https:\/\/www.kimuceramica.com\/ca\/politica-de-privacitat\/","og_site_name":"Kimu CER\u00c1MICA ORIGINAL","article_publisher":"https:\/\/www.facebook.com\/Kimu-ceramica-160734807402814\/","article_modified_time":"2019-10-09T08:18:55+00:00","twitter_card":"summary_large_image","twitter_misc":{"Temps estimat de lectura":"4 minuts"},"schema":{"@context":"https:\/\/schema.org","@graph":[{"@type":"WebPage","@id":"https:\/\/www.kimuceramica.com\/ca\/politica-de-privacitat\/","url":"https:\/\/www.kimuceramica.com\/ca\/politica-de-privacitat\/","name":"Pol\u00edtica de privacitat | Kimu CER\u00c1MICA ORIGINAL","isPartOf":{"@id":"https:\/\/www.kimuceramica.com\/ca\/#website"},"datePublished":"2018-11-15T12:33:16+00:00","dateModified":"2019-10-09T08:18:55+00:00","breadcrumb":{"@id":"https:\/\/www.kimuceramica.com\/ca\/politica-de-privacitat\/#breadcrumb"},"inLanguage":"ca","potentialAction":[{"@type":"ReadAction","target":["https:\/\/www.kimuceramica.com\/ca\/politica-de-privacitat\/"]}]},{"@type":"BreadcrumbList","@id":"https:\/\/www.kimuceramica.com\/ca\/politica-de-privacitat\/#breadcrumb","itemListElement":[{"@type":"ListItem","position":1,"name":"Portada","item":"https:\/\/www.kimuceramica.com\/ca\/"},{"@type":"ListItem","position":2,"name":"Pol\u00edtica de privacitat"}]},{"@type":"WebSite","@id":"https:\/\/www.kimuceramica.com\/ca\/#website","url":"https:\/\/www.kimuceramica.com\/ca\/","name":"Kimu CER\u00c1MICA ORIGINAL","description":"Creaci\u00f3n y venta de piezas de bisuter\u00eda de peque\u00f1o tama\u00f1o y gran carga simb\u00f3lica hecha a mano, principalmente de cer\u00e1mica original: colgantes, pendientes, anillos, gemelos","publisher":{"@id":"https:\/\/www.kimuceramica.com\/ca\/#organization"},"potentialAction":[{"@type":"SearchAction","target":{"@type":"EntryPoint","urlTemplate":"https:\/\/www.kimuceramica.com\/ca\/?s={search_term_string}"},"query-input":{"@type":"PropertyValueSpecification","valueRequired":true,"valueName":"search_term_string"}}],"inLanguage":"ca"},{"@type":"Organization","@id":"https:\/\/www.kimuceramica.com\/ca\/#organization","name":"Kimu cer\u00e1mica","url":"https:\/\/www.kimuceramica.com\/ca\/","logo":{"@type":"ImageObject","inLanguage":"ca","@id":"https:\/\/www.kimuceramica.com\/ca\/#\/schema\/logo\/image\/","url":"https:\/\/www.kimuceramica.com\/wp-content\/uploads\/2019\/07\/Kimu-logo-web.png","contentUrl":"https:\/\/www.kimuceramica.com\/wp-content\/uploads\/2019\/07\/Kimu-logo-web.png","width":150,"height":72,"caption":"Kimu cer\u00e1mica"},"image":{"@id":"https:\/\/www.kimuceramica.com\/ca\/#\/schema\/logo\/image\/"},"sameAs":["https:\/\/www.facebook.com\/Kimu-ceramica-160734807402814\/"]}]}},"_links":{"self":[{"href":"https:\/\/www.kimuceramica.com\/ca\/wp-json\/wp\/v2\/pages\/202253","targetHints":{"allow":["GET"]}}],"collection":[{"href":"https:\/\/www.kimuceramica.com\/ca\/wp-json\/wp\/v2\/pages"}],"about":[{"href":"https:\/\/www.kimuceramica.com\/ca\/wp-json\/wp\/v2\/types\/page"}],"author":[{"embeddable":true,"href":"https:\/\/www.kimuceramica.com\/ca\/wp-json\/wp\/v2\/users\/1"}],"replies":[{"embeddable":true,"href":"https:\/\/www.kimuceramica.com\/ca\/wp-json\/wp\/v2\/comments?post=202253"}],"version-history":[{"count":0,"href":"https:\/\/www.kimuceramica.com\/ca\/wp-json\/wp\/v2\/pages\/202253\/revisions"}],"wp:attachment":[{"href":"https:\/\/www.kimuceramica.com\/ca\/wp-json\/wp\/v2\/media?parent=202253"}],"curies":[{"name":"wp","href":"https:\/\/api.w.org\/{rel}","templated":true}]}}